{"id":201,"date":"2013-01-01T20:37:39","date_gmt":"2013-01-01T19:37:39","guid":{"rendered":"http:\/\/localhost:81\/wordpress\/?page_id=201"},"modified":"2024-06-21T21:28:33","modified_gmt":"2024-06-21T20:28:33","slug":"auserordentliche-betreuung","status":"publish","type":"page","link":"https:\/\/foerderverein-brietlingen.de\/?page_id=201","title":{"rendered":"Au\u00dferordentliche Betreuung"},"content":{"rendered":"<p style=\"text-align: justify;\">Sollten Sie als Eltern kurzfristig und vor\u00fcbergehend innerhalb der Schulzeit in eine Notlage geraten und dringend eine Betreuung f\u00fcr Ihr Kind suchen, kann dieses als Notfallkind in die Nachmittagsbetreuung aufgenommen werden.<\/p>\n<p>Die Kosten f\u00fcr die au\u00dferordentliche Betreuung sind wie folgt:<\/p>\n<ul>\n<li style=\"list-style-type: none;\">\n<ul>\n<li>Mitglieder des F\u00f6rdervereins:\u00a0 \u00a0 \u00a0 \u00a0 \u00a0 \u00a05,50 Euro \/ Nachmittag<\/li>\n<li>Nicht-Mitglieder des F\u00f6rdervereins:\u00a0 6,00 Euro \/ Nachmittag<\/li>\n<li>Mittagessen: 3,80 Euro \/ Mahlzeit (derzeitiger Stand)<\/li>\n<\/ul>\n<\/li>\n<\/ul>\n<p style=\"padding-left: 40px;\"><strong><a href=\"https:\/\/foerderverein-brietlingen.de\/wp-content\/uploads\/2021\/09\/Anmeldeformular_ausserordentliche_Betreuung.pdf\" target=\"_blank\" rel=\"noopener noreferrer\">Au\u00dferordentliche Betreuung &#8211; Anmeldeformular als PDF<\/a><\/strong><\/p>\n<p style=\"text-align: justify;\">Die Anmeldformulare sind auch im Sekretariat der Grundschule oder bei der Leiterin der Nachmittagsbetreuung zu erhalten.<br \/>\nDie ausgef\u00fcllte Anmeldung senden Sie bitte an den Vorstand des F\u00f6rdervereins.<\/p>\n<p><a href=\"https:\/\/foerderverein-brietlingen.de\/wp-content\/uploads\/2013\/01\/cropped-Logo_F\u00d6V.png\"><img loading=\"lazy\" decoding=\"async\" class=\"aligncenter size-thumbnail wp-image-633\" src=\"https:\/\/foerderverein-brietlingen.de\/wp-content\/uploads\/2013\/01\/cropped-Logo_F\u00d6V-150x150.png\" alt=\"\" width=\"150\" height=\"150\" srcset=\"https:\/\/foerderverein-brietlingen.de\/wp-content\/uploads\/2013\/01\/cropped-Logo_F\u00d6V-150x150.png 150w, https:\/\/foerderverein-brietlingen.de\/wp-content\/uploads\/2013\/01\/cropped-Logo_F\u00d6V-300x300.png 300w, https:\/\/foerderverein-brietlingen.de\/wp-content\/uploads\/2013\/01\/cropped-Logo_F\u00d6V-270x270.png 270w, https:\/\/foerderverein-brietlingen.de\/wp-content\/uploads\/2013\/01\/cropped-Logo_F\u00d6V-192x192.png 192w, https:\/\/foerderverein-brietlingen.de\/wp-content\/uploads\/2013\/01\/cropped-Logo_F\u00d6V-180x180.png 180w, https:\/\/foerderverein-brietlingen.de\/wp-content\/uploads\/2013\/01\/cropped-Logo_F\u00d6V-32x32.png 32w, https:\/\/foerderverein-brietlingen.de\/wp-content\/uploads\/2013\/01\/cropped-Logo_F\u00d6V.png 512w\" sizes=\"auto, (max-width: 150px) 100vw, 150px\" \/><\/a><\/p>\n","protected":false},"excerpt":{"rendered":"<p>Sollten Sie als Eltern kurzfristig und vor\u00fcbergehend innerhalb der Schulzeit in eine Notlage geraten und dringend eine Betreuung f\u00fcr Ihr Kind suchen, kann dieses als Notfallkind in die Nachmittagsbetreuung aufgenommen werden. Die Kosten f\u00fcr die au\u00dferordentliche Betreuung sind wie folgt: &hellip; <a href=\"https:\/\/foerderverein-brietlingen.de\/?page_id=201\">Weiterlesen <span class=\"meta-nav\">&rarr;<\/span><\/a><\/p>\n","protected":false},"author":1,"featured_media":0,"parent":53,"menu_order":6,"comment_status":"closed","ping_status":"closed","template":"sidebar-page.php","meta":{"footnotes":""},"class_list":["post-201","page","type-page","status-publish","hentry"],"yoast_head":"<!-- This site is optimized with the Yoast SEO plugin v27.5 - https:\/\/yoast.com\/product\/yoast-seo-wordpress\/ -->\n<title>Au\u00dferordentliche Betreuung<\/title>\n<meta name=\"description\" content=\"Die au\u00dferordentliche Betreuung bezeichnet die kurzfristige und vor\u00fcbergehende Nachmittagsbetreuung im Falle einer Notlage.\" \/>\n<meta name=\"robots\" content=\"index, follow, max-snippet:-1, max-image-preview:large, max-video-preview:-1\" \/>\n<link rel=\"canonical\" href=\"https:\/\/foerderverein-brietlingen.de\/?page_id=201\" \/>\n<meta property=\"og:locale\" content=\"de_DE\" \/>\n<meta property=\"og:type\" content=\"article\" \/>\n<meta property=\"og:title\" content=\"Au\u00dferordentliche Betreuung\" \/>\n<meta property=\"og:description\" content=\"Die au\u00dferordentliche Betreuung bezeichnet die kurzfristige und vor\u00fcbergehende Nachmittagsbetreuung im Falle einer Notlage.\" \/>\n<meta property=\"og:url\" content=\"https:\/\/foerderverein-brietlingen.de\/?page_id=201\" \/>\n<meta property=\"og:site_name\" content=\"F\u00f6rderverein Kindergarten und Grundschule Brietlingen e.V.\" \/>\n<meta property=\"article:modified_time\" content=\"2024-06-21T20:28:33+00:00\" \/>\n<meta name=\"twitter:card\" content=\"summary_large_image\" \/>\n<meta name=\"twitter:label1\" content=\"Gesch\u00e4tzte Lesezeit\" \/>\n\t<meta name=\"twitter:data1\" content=\"1\u00a0Minute\" \/>\n<script type=\"application\/ld+json\" class=\"yoast-schema-graph\">{\"@context\":\"https:\\\/\\\/schema.org\",\"@graph\":[{\"@type\":\"WebPage\",\"@id\":\"https:\\\/\\\/foerderverein-brietlingen.de\\\/?page_id=201\",\"url\":\"https:\\\/\\\/foerderverein-brietlingen.de\\\/?page_id=201\",\"name\":\"Au\u00dferordentliche Betreuung\",\"isPartOf\":{\"@id\":\"https:\\\/\\\/foerderverein-brietlingen.de\\\/#website\"},\"datePublished\":\"2013-01-01T19:37:39+00:00\",\"dateModified\":\"2024-06-21T20:28:33+00:00\",\"description\":\"Die au\u00dferordentliche Betreuung bezeichnet die kurzfristige und vor\u00fcbergehende Nachmittagsbetreuung im Falle einer Notlage.\",\"breadcrumb\":{\"@id\":\"https:\\\/\\\/foerderverein-brietlingen.de\\\/?page_id=201#breadcrumb\"},\"inLanguage\":\"de\",\"potentialAction\":[{\"@type\":\"ReadAction\",\"target\":[\"https:\\\/\\\/foerderverein-brietlingen.de\\\/?page_id=201\"]}]},{\"@type\":\"BreadcrumbList\",\"@id\":\"https:\\\/\\\/foerderverein-brietlingen.de\\\/?page_id=201#breadcrumb\",\"itemListElement\":[{\"@type\":\"ListItem\",\"position\":1,\"name\":\"Startseite\",\"item\":\"https:\\\/\\\/foerderverein-brietlingen.de\\\/\"},{\"@type\":\"ListItem\",\"position\":2,\"name\":\"Betreuungsangebote\",\"item\":\"https:\\\/\\\/foerderverein-brietlingen.de\\\/?page_id=53\"},{\"@type\":\"ListItem\",\"position\":3,\"name\":\"Au\u00dferordentliche Betreuung\"}]},{\"@type\":\"WebSite\",\"@id\":\"https:\\\/\\\/foerderverein-brietlingen.de\\\/#website\",\"url\":\"https:\\\/\\\/foerderverein-brietlingen.de\\\/\",\"name\":\"F\u00f6rderverein Kindergarten und Grundschule Brietlingen e.V.\",\"description\":\"\",\"publisher\":{\"@id\":\"https:\\\/\\\/foerderverein-brietlingen.de\\\/#organization\"},\"potentialAction\":[{\"@type\":\"SearchAction\",\"target\":{\"@type\":\"EntryPoint\",\"urlTemplate\":\"https:\\\/\\\/foerderverein-brietlingen.de\\\/?s={search_term_string}\"},\"query-input\":{\"@type\":\"PropertyValueSpecification\",\"valueRequired\":true,\"valueName\":\"search_term_string\"}}],\"inLanguage\":\"de\"},{\"@type\":\"Organization\",\"@id\":\"https:\\\/\\\/foerderverein-brietlingen.de\\\/#organization\",\"name\":\"F\u00f6rderverein Kindergarten und Grundschule Brietlingen e.V.\",\"url\":\"https:\\\/\\\/foerderverein-brietlingen.de\\\/\",\"logo\":{\"@type\":\"ImageObject\",\"inLanguage\":\"de\",\"@id\":\"https:\\\/\\\/foerderverein-brietlingen.de\\\/#\\\/schema\\\/logo\\\/image\\\/\",\"url\":\"https:\\\/\\\/foerderverein-brietlingen.de\\\/wp-content\\\/uploads\\\/2013\\\/01\\\/Logo_F\u00d6V.png\",\"contentUrl\":\"https:\\\/\\\/foerderverein-brietlingen.de\\\/wp-content\\\/uploads\\\/2013\\\/01\\\/Logo_F\u00d6V.png\",\"width\":224,\"height\":175,\"caption\":\"F\u00f6rderverein Kindergarten und Grundschule Brietlingen e.V.\"},\"image\":{\"@id\":\"https:\\\/\\\/foerderverein-brietlingen.de\\\/#\\\/schema\\\/logo\\\/image\\\/\"}}]}<\/script>\n<!-- \/ Yoast SEO plugin. -->","yoast_head_json":{"title":"Au\u00dferordentliche Betreuung","description":"Die au\u00dferordentliche Betreuung bezeichnet die kurzfristige und vor\u00fcbergehende Nachmittagsbetreuung im Falle einer Notlage.","robots":{"index":"index","follow":"follow","max-snippet":"max-snippet:-1","max-image-preview":"max-image-preview:large","max-video-preview":"max-video-preview:-1"},"canonical":"https:\/\/foerderverein-brietlingen.de\/?page_id=201","og_locale":"de_DE","og_type":"article","og_title":"Au\u00dferordentliche Betreuung","og_description":"Die au\u00dferordentliche Betreuung bezeichnet die kurzfristige und vor\u00fcbergehende Nachmittagsbetreuung im Falle einer Notlage.","og_url":"https:\/\/foerderverein-brietlingen.de\/?page_id=201","og_site_name":"F\u00f6rderverein Kindergarten und Grundschule Brietlingen e.V.","article_modified_time":"2024-06-21T20:28:33+00:00","twitter_card":"summary_large_image","twitter_misc":{"Gesch\u00e4tzte Lesezeit":"1\u00a0Minute"},"schema":{"@context":"https:\/\/schema.org","@graph":[{"@type":"WebPage","@id":"https:\/\/foerderverein-brietlingen.de\/?page_id=201","url":"https:\/\/foerderverein-brietlingen.de\/?page_id=201","name":"Au\u00dferordentliche Betreuung","isPartOf":{"@id":"https:\/\/foerderverein-brietlingen.de\/#website"},"datePublished":"2013-01-01T19:37:39+00:00","dateModified":"2024-06-21T20:28:33+00:00","description":"Die au\u00dferordentliche Betreuung bezeichnet die kurzfristige und vor\u00fcbergehende Nachmittagsbetreuung im Falle einer Notlage.","breadcrumb":{"@id":"https:\/\/foerderverein-brietlingen.de\/?page_id=201#breadcrumb"},"inLanguage":"de","potentialAction":[{"@type":"ReadAction","target":["https:\/\/foerderverein-brietlingen.de\/?page_id=201"]}]},{"@type":"BreadcrumbList","@id":"https:\/\/foerderverein-brietlingen.de\/?page_id=201#breadcrumb","itemListElement":[{"@type":"ListItem","position":1,"name":"Startseite","item":"https:\/\/foerderverein-brietlingen.de\/"},{"@type":"ListItem","position":2,"name":"Betreuungsangebote","item":"https:\/\/foerderverein-brietlingen.de\/?page_id=53"},{"@type":"ListItem","position":3,"name":"Au\u00dferordentliche Betreuung"}]},{"@type":"WebSite","@id":"https:\/\/foerderverein-brietlingen.de\/#website","url":"https:\/\/foerderverein-brietlingen.de\/","name":"F\u00f6rderverein Kindergarten und Grundschule Brietlingen e.V.","description":"","publisher":{"@id":"https:\/\/foerderverein-brietlingen.de\/#organization"},"potentialAction":[{"@type":"SearchAction","target":{"@type":"EntryPoint","urlTemplate":"https:\/\/foerderverein-brietlingen.de\/?s={search_term_string}"},"query-input":{"@type":"PropertyValueSpecification","valueRequired":true,"valueName":"search_term_string"}}],"inLanguage":"de"},{"@type":"Organization","@id":"https:\/\/foerderverein-brietlingen.de\/#organization","name":"F\u00f6rderverein Kindergarten und Grundschule Brietlingen e.V.","url":"https:\/\/foerderverein-brietlingen.de\/","logo":{"@type":"ImageObject","inLanguage":"de","@id":"https:\/\/foerderverein-brietlingen.de\/#\/schema\/logo\/image\/","url":"https:\/\/foerderverein-brietlingen.de\/wp-content\/uploads\/2013\/01\/Logo_F\u00d6V.png","contentUrl":"https:\/\/foerderverein-brietlingen.de\/wp-content\/uploads\/2013\/01\/Logo_F\u00d6V.png","width":224,"height":175,"caption":"F\u00f6rderverein Kindergarten und Grundschule Brietlingen e.V."},"image":{"@id":"https:\/\/foerderverein-brietlingen.de\/#\/schema\/logo\/image\/"}}]}},"_links":{"self":[{"href":"https:\/\/foerderverein-brietlingen.de\/index.php?rest_route=\/wp\/v2\/pages\/201","targetHints":{"allow":["GET"]}}],"collection":[{"href":"https:\/\/foerderverein-brietlingen.de\/index.php?rest_route=\/wp\/v2\/pages"}],"about":[{"href":"https:\/\/foerderverein-brietlingen.de\/index.php?rest_route=\/wp\/v2\/types\/page"}],"author":[{"embeddable":true,"href":"https:\/\/foerderverein-brietlingen.de\/index.php?rest_route=\/wp\/v2\/users\/1"}],"replies":[{"embeddable":true,"href":"https:\/\/foerderverein-brietlingen.de\/index.php?rest_route=%2Fwp%2Fv2%2Fcomments&post=201"}],"version-history":[{"count":33,"href":"https:\/\/foerderverein-brietlingen.de\/index.php?rest_route=\/wp\/v2\/pages\/201\/revisions"}],"predecessor-version":[{"id":1025,"href":"https:\/\/foerderverein-brietlingen.de\/index.php?rest_route=\/wp\/v2\/pages\/201\/revisions\/1025"}],"up":[{"embeddable":true,"href":"https:\/\/foerderverein-brietlingen.de\/index.php?rest_route=\/wp\/v2\/pages\/53"}],"wp:attachment":[{"href":"https:\/\/foerderverein-brietlingen.de\/index.php?rest_route=%2Fwp%2Fv2%2Fmedia&parent=201"}],"curies":[{"name":"wp","href":"https:\/\/api.w.org\/{rel}","templated":true}]}}